{"id":2192,"date":"2026-01-29T09:03:54","date_gmt":"2026-01-29T07:03:54","guid":{"rendered":"https:\/\/stty.org\/?page_id=2192"},"modified":"2026-02-06T10:25:37","modified_gmt":"2026-02-06T08:25:37","slug":"prekonferenssi","status":"publish","type":"page","link":"https:\/\/stty.org\/en\/sttyn-tutkimuspaivat\/prekonferenssi\/","title":{"rendered":"Prekonferenssi"},"content":{"rendered":"<div class=\"event-menu\">\n<ul>\n<li><a href=\"https:\/\/stty.org\/sttyn-tutkimuspaivat\/\">Tutkimusp\u00e4iv\u00e4t<\/a><\/li>\n<li><a href=\"https:\/\/stty.org\/sttyn-tutkimuspaivat\/kirjoituskutsu\/\">Kirjoituskutsu<\/a><\/li>\n<li><a href=\"https:\/\/stty.org\/sttyn-tutkimuspaivat\/ohjelma\/\">Ohjelma<\/a><\/li>\n<li><a href=\"https:\/\/stty.org\/sttyn-tutkimuspaivat\/prekonferenssi\/\">Prekonferenssi<\/a><\/li>\n<li><a href=\"https:\/\/stty.org\/sttyn-tutkimuspaivat\/sotetite-julkaisut\/\">Julkaisut<\/a><\/li>\n<\/ul>\n<\/div>\n<h3><strong>Sosiaali- ja terveydenhuollon tiedonhallinnan prekonferenssi jatko-opiskelijoille: (Osista rakentuva) kokonainen v\u00e4it\u00f6skirja<\/strong><\/h3>\n<p>Sosiaali- ja terveydenhuollon tiedonhallinnan tutkimusp\u00e4ivien yhteydess\u00e4 j\u00e4rjestett\u00e4v\u00e4 prekonferenssi pidet\u00e4\u00e4n maanantaina 20.4.2026 klo 12\u201316.30 Tieteiden talolla Helsingiss\u00e4. Tilaisuus on suunnattu jatko-opiskelijoille, joiden tutkimus liittyy sosiaali- ja\/tai terveydenhuollon tiedonhallintaan. Tutkimusaihe voi esimerkiksi kytkeyty\u00e4 tietojenk\u00e4sittelyss\u00e4 hy\u00f6dynnett\u00e4viin teknologioihin, tiedonhallinnan prosesseihin, tiedon k\u00e4ytt\u00f6\u00f6n p\u00e4\u00e4t\u00f6ksenteossa tai muihin alan ilmi\u00f6ihin.<\/p>\n<p>Prekonferenssin tavoitteena on syvent\u00e4\u00e4 osallistujien ymm\u00e4rryst\u00e4 v\u00e4it\u00f6skirjasta kokonaisuutena. Tutkimusprosessi rakentuu usein osatutkimusten ja artikkelien kautta, jolloin kokonaiskuvan hahmottaminen vaatii erityist\u00e4 huomiota yhteenvetovaiheessa. Prekonferenssi tarjoaa mahdollisuuden tarkastella oman v\u00e4it\u00f6skirjan rakennetta laajemmasta n\u00e4k\u00f6kulmasta ja arvioida, miten yksitt\u00e4iset tutkimukset muodostavat ehe\u00e4n ja perustellun kokonaisuuden. Monografiaa tai artikkelia parhaillaan kirjoittavat tutkijat voivat my\u00f6s pohtia, millaisiin tieteellisiin ja yhteiskunnallisiin keskusteluihin heid\u00e4n tutkimuksensa kiinnittyy.<\/p>\n<p>Tilaisuuden aikana osallistujat esittelev\u00e4t tutkimustaan ja saavat siit\u00e4 vertaispalautetta sek\u00e4 kommentteja kokeneemmilta tutkijoilta. Lis\u00e4ksi ohjelmassa on tiedejulkaisemiseen keskittyv\u00e4 ty\u00f6paja, jossa apulaisprofessori ja tiedetoimittaja Johanna Viitanen avaa tiedejulkaisemisen k\u00e4yt\u00e4nt\u00f6j\u00e4 ja k\u00e4yt\u00e4nn\u00f6n niksej\u00e4. Oletko esimerkiksi pohtinut, mit\u00e4 tarkoittavat impact factor tai h11-indeksi, mit\u00e4 merkityst\u00e4 niill\u00e4 on, tai miten valita tutkimuksellesi oikea julkaisukanava? Ty\u00f6pajassa on mahdollisuus kysy\u00e4 n\u00e4ist\u00e4 ja muista askarruttavista teemoista.<\/p>\n<p>Halukkaat voivat osallistua yhteiselle lounaalle jo klo 11 alkaen sek\u00e4 j\u00e4\u00e4d\u00e4 prekonferenssin j\u00e4lkeen j\u00e4rjestett\u00e4v\u00e4lle illalliselle. Sek\u00e4 lounas ett\u00e4 illallinen ovat omakustanteisia. Illalliselle osallistuu my\u00f6s muita alan tutkijoita ja asiantuntijoita ja se tarjoaa erinomaiset mahdollisuudet verkostoitumiseen. Tarkempi aikataulu ja lis\u00e4tiedot l\u00e4hetet\u00e4\u00e4n ilmoittautuneille.<\/p>\n<p>Osallistujia pyydet\u00e4\u00e4n laatimaan 1000\u20132000 sanan mittainen paperi, jossa he esittelev\u00e4t oman v\u00e4it\u00f6stutkimuksensa ja pohtivat sen merkityst\u00e4 laajemmassa kontekstissa. Paperit tulee toimittaa 20.3. menness\u00e4 s\u00e4hk\u00f6postitse osoitteeseen samuel.salovaara@ulapland.fi. Prekonferenssissa jokainen osallistuja esittelee ty\u00f6ns\u00e4 ja saa siihen sek\u00e4 vertaispalautetta ett\u00e4 kokeneempien tutkijoiden kommentteja.<\/p>\n<p>Prekonferenssi tarjoaa ainutlaatuisen mahdollisuuden reflektoida omaa tutkimusta kokonaisuutena, vahvistaa argumentaatiota ja rakentaa yhteyksi\u00e4 laajempiin tieteellisiin ja yhteiskunnallisiin keskuste-luihin.<\/p>\n<p>Tilaisuutta luotsaavat professori Ulla-Mari Kinnunen (It\u00e4-Suomen yliopisto) ja tutkijatohtori Samuel Salovaara (Lapin yliopisto). J\u00e4rjestelytoimikuntaan kuuluvat lis\u00e4ksi yliopisto-opettaja ja v\u00e4it\u00f6skirjatutkija Heli Kumpulainen (It\u00e4-Suomen yliopisto) &amp; projektitutkija ja v\u00e4it\u00f6skirjatutkijat Hanna von Gerich (Turun yliopisto ja It\u00e4-Suomen yliopisto). Prekonferenssin kieli on suomi.<\/p>\n<p>Prekonferenssi on maksuton. Mik\u00e4li haluat osallistua my\u00f6s SoTeTiTe-tutkimusp\u00e4iville tiistaina 21.4., siihen tarvitaan erillinen ilmoittautuminen. Ilmoittautuminen sek\u00e4 prekonferenssiin ett\u00e4 tutkimusp\u00e4iville tapahtuu t\u00e4\u00e4lt\u00e4: <a href=\"https:\/\/link.webropolsurveys.com\/S\/A6E4BA2E1B5D35EE\" target=\"_blank\" rel=\"noopener\">sotetite_ilmoittautuminen<\/a><\/p>\n<p>Prekonferenssin ja SoTeTiTe-tutkimusp\u00e4iv\u00e4t j\u00e4rjest\u00e4\u00e4 Sosiaali- ja terveydenhuollon tietojenk\u00e4sittely-yhdistys ry<\/p>\n","protected":false},"excerpt":{"rendered":"<p>Tutkimusp\u00e4iv\u00e4t Kirjoituskutsu Ohjelma Prekonferenssi Julkaisut Sosiaali- ja terveydenhuollon tiedonhallinnan prekonferenssi jatko-opiskelijoille: (Osista rakentuva) kokonainen v\u00e4it\u00f6skirja Sosiaali- ja terveydenhuollon tiedonhallinnan tutkimusp\u00e4ivien yhteydess\u00e4 j\u00e4rjestett\u00e4v\u00e4 prekonferenssi pidet\u00e4\u00e4n maanantaina 20.4.2026 klo 12\u201316.30 Tieteiden talolla &#8230; <a title=\"Prekonferenssi\" class=\"read-more\" href=\"https:\/\/stty.org\/en\/sttyn-tutkimuspaivat\/prekonferenssi\/\" aria-label=\"Read more about Prekonferenssi\">Read more<\/a><\/p>\n","protected":false},"author":1,"featured_media":0,"parent":52,"menu_order":0,"comment_status":"closed","ping_status":"closed","template":"","meta":{"footnotes":""},"categories":[],"class_list":["post-2192","page","type-page","status-publish"],"translation":{"provider":"WPGlobus","version":"3.0.2","language":"en","enabled_languages":["fi","en","sv"],"languages":{"fi":{"title":true,"content":true,"excerpt":false},"en":{"title":false,"content":false,"excerpt":false},"sv":{"title":false,"content":false,"excerpt":false}}},"yoast_head":"<!-- This site is optimized with the Yoast SEO plugin v27.5 - https:\/\/yoast.com\/product\/yoast-seo-wordpress\/ -->\n<title>Prekonferenssi - Sosiaali- ja terveydenhuollon tietojenk\u00e4sittely-yhdistys<\/title>\n<meta name=\"robots\" content=\"index, follow, max-snippet:-1, max-image-preview:large, max-video-preview:-1\" \/>\n<link rel=\"canonical\" href=\"https:\/\/stty.org\/sttyn-tutkimuspaivat\/prekonferenssi\/\" \/>\n<meta property=\"og:locale\" content=\"en_US\" \/>\n<meta property=\"og:type\" content=\"article\" \/>\n<meta property=\"og:title\" content=\"Prekonferenssi - Sosiaali- ja terveydenhuollon tietojenk\u00e4sittely-yhdistys\" \/>\n<meta property=\"og:url\" content=\"https:\/\/stty.org\/sttyn-tutkimuspaivat\/prekonferenssi\/\" \/>\n<meta property=\"og:site_name\" content=\"Sosiaali- ja terveydenhuollon tietojenk\u00e4sittely-yhdistys\" \/>\n<meta property=\"article:modified_time\" content=\"2026-02-06T08:25:37+00:00\" \/>\n<meta name=\"twitter:card\" content=\"summary_large_image\" \/>\n<meta name=\"twitter:label1\" content=\"Est. reading time\" \/>\n\t<meta name=\"twitter:data1\" content=\"3 minutes\" \/>\n<script type=\"application\/ld+json\" class=\"yoast-schema-graph\">{\"@context\":\"https:\\\/\\\/schema.org\",\"@graph\":[{\"@type\":\"WebPage\",\"@id\":\"https:\\\/\\\/stty.org\\\/sttyn-tutkimuspaivat\\\/prekonferenssi\\\/\",\"url\":\"https:\\\/\\\/stty.org\\\/sttyn-tutkimuspaivat\\\/prekonferenssi\\\/\",\"name\":\"Prekonferenssi - Sosiaali- ja terveydenhuollon tietojenk\u00e4sittely-yhdistys\",\"isPartOf\":{\"@id\":\"https:\\\/\\\/stty.org\\\/en\\\/#website\"},\"datePublished\":\"2026-01-29T07:03:54+00:00\",\"dateModified\":\"2026-02-06T08:25:37+00:00\",\"breadcrumb\":{\"@id\":\"https:\\\/\\\/stty.org\\\/sttyn-tutkimuspaivat\\\/prekonferenssi\\\/#breadcrumb\"},\"inLanguage\":\"en-US\",\"potentialAction\":[{\"@type\":\"ReadAction\",\"target\":[\"https:\\\/\\\/stty.org\\\/sttyn-tutkimuspaivat\\\/prekonferenssi\\\/\"]}]},{\"@type\":\"BreadcrumbList\",\"@id\":\"https:\\\/\\\/stty.org\\\/sttyn-tutkimuspaivat\\\/prekonferenssi\\\/#breadcrumb\",\"itemListElement\":[{\"@type\":\"ListItem\",\"position\":1,\"name\":\"Etusivu\",\"item\":\"https:\\\/\\\/stty.org\\\/\"},{\"@type\":\"ListItem\",\"position\":2,\"name\":\"Tutkimusp\u00e4iv\u00e4t\",\"item\":\"https:\\\/\\\/stty.org\\\/sttyn-tutkimuspaivat\\\/\"},{\"@type\":\"ListItem\",\"position\":3,\"name\":\"Prekonferenssi\"}]},{\"@type\":\"WebSite\",\"@id\":\"https:\\\/\\\/stty.org\\\/en\\\/#website\",\"url\":\"https:\\\/\\\/stty.org\\\/en\\\/\",\"name\":\"Sosiaali- ja terveydenhuollon tietojenk\u00e4sittely-yhdistys\",\"description\":\"F\u00f6reningen f\u00f6r informationsbehandling inom social- och h\u00e4lsov\u00e5rden rf Finnish Social and Health Informatics Association\",\"publisher\":{\"@id\":\"https:\\\/\\\/stty.org\\\/en\\\/#organization\"},\"potentialAction\":[{\"@type\":\"SearchAction\",\"target\":{\"@type\":\"EntryPoint\",\"urlTemplate\":\"https:\\\/\\\/stty.org\\\/en\\\/?s={search_term_string}\"},\"query-input\":{\"@type\":\"PropertyValueSpecification\",\"valueRequired\":true,\"valueName\":\"search_term_string\"}}],\"inLanguage\":\"en-US\"},{\"@type\":\"Organization\",\"@id\":\"https:\\\/\\\/stty.org\\\/en\\\/#organization\",\"name\":\"Sosiaali- ja terveydenhuollon tietojenk\u00e4sittely-yhdistys\",\"url\":\"https:\\\/\\\/stty.org\\\/en\\\/\",\"logo\":{\"@type\":\"ImageObject\",\"inLanguage\":\"en-US\",\"@id\":\"https:\\\/\\\/stty.org\\\/en\\\/#\\\/schema\\\/logo\\\/image\\\/\",\"url\":\"https:\\\/\\\/stty.org\\\/wp-content\\\/uploads\\\/2020\\\/07\\\/STTY_logo1.jpg\",\"contentUrl\":\"https:\\\/\\\/stty.org\\\/wp-content\\\/uploads\\\/2020\\\/07\\\/STTY_logo1.jpg\",\"width\":198,\"height\":105,\"caption\":\"Sosiaali- ja terveydenhuollon tietojenk\u00e4sittely-yhdistys\"},\"image\":{\"@id\":\"https:\\\/\\\/stty.org\\\/en\\\/#\\\/schema\\\/logo\\\/image\\\/\"}}]}<\/script>\n<!-- \/ Yoast SEO plugin. -->","yoast_head_json":{"title":"Prekonferenssi - Sosiaali- ja terveydenhuollon tietojenk\u00e4sittely-yhdistys","robots":{"index":"index","follow":"follow","max-snippet":"max-snippet:-1","max-image-preview":"max-image-preview:large","max-video-preview":"max-video-preview:-1"},"canonical":"https:\/\/stty.org\/sttyn-tutkimuspaivat\/prekonferenssi\/","og_locale":"en_US","og_type":"article","og_title":"Prekonferenssi - Sosiaali- ja terveydenhuollon tietojenk\u00e4sittely-yhdistys","og_url":"https:\/\/stty.org\/sttyn-tutkimuspaivat\/prekonferenssi\/","og_site_name":"Sosiaali- ja terveydenhuollon tietojenk\u00e4sittely-yhdistys","article_modified_time":"2026-02-06T08:25:37+00:00","twitter_card":"summary_large_image","twitter_misc":{"Est. reading time":"3 minutes"},"schema":{"@context":"https:\/\/schema.org","@graph":[{"@type":"WebPage","@id":"https:\/\/stty.org\/sttyn-tutkimuspaivat\/prekonferenssi\/","url":"https:\/\/stty.org\/sttyn-tutkimuspaivat\/prekonferenssi\/","name":"Prekonferenssi - Sosiaali- ja terveydenhuollon tietojenk\u00e4sittely-yhdistys","isPartOf":{"@id":"https:\/\/stty.org\/en\/#website"},"datePublished":"2026-01-29T07:03:54+00:00","dateModified":"2026-02-06T08:25:37+00:00","breadcrumb":{"@id":"https:\/\/stty.org\/sttyn-tutkimuspaivat\/prekonferenssi\/#breadcrumb"},"inLanguage":"en-US","potentialAction":[{"@type":"ReadAction","target":["https:\/\/stty.org\/sttyn-tutkimuspaivat\/prekonferenssi\/"]}]},{"@type":"BreadcrumbList","@id":"https:\/\/stty.org\/sttyn-tutkimuspaivat\/prekonferenssi\/#breadcrumb","itemListElement":[{"@type":"ListItem","position":1,"name":"Etusivu","item":"https:\/\/stty.org\/"},{"@type":"ListItem","position":2,"name":"Tutkimusp\u00e4iv\u00e4t","item":"https:\/\/stty.org\/sttyn-tutkimuspaivat\/"},{"@type":"ListItem","position":3,"name":"Prekonferenssi"}]},{"@type":"WebSite","@id":"https:\/\/stty.org\/en\/#website","url":"https:\/\/stty.org\/en\/","name":"Sosiaali- ja terveydenhuollon tietojenk\u00e4sittely-yhdistys","description":"F\u00f6reningen f\u00f6r informationsbehandling inom social- och h\u00e4lsov\u00e5rden rf Finnish Social and Health Informatics Association","publisher":{"@id":"https:\/\/stty.org\/en\/#organization"},"potentialAction":[{"@type":"SearchAction","target":{"@type":"EntryPoint","urlTemplate":"https:\/\/stty.org\/en\/?s={search_term_string}"},"query-input":{"@type":"PropertyValueSpecification","valueRequired":true,"valueName":"search_term_string"}}],"inLanguage":"en-US"},{"@type":"Organization","@id":"https:\/\/stty.org\/en\/#organization","name":"Sosiaali- ja terveydenhuollon tietojenk\u00e4sittely-yhdistys","url":"https:\/\/stty.org\/en\/","logo":{"@type":"ImageObject","inLanguage":"en-US","@id":"https:\/\/stty.org\/en\/#\/schema\/logo\/image\/","url":"https:\/\/stty.org\/wp-content\/uploads\/2020\/07\/STTY_logo1.jpg","contentUrl":"https:\/\/stty.org\/wp-content\/uploads\/2020\/07\/STTY_logo1.jpg","width":198,"height":105,"caption":"Sosiaali- ja terveydenhuollon tietojenk\u00e4sittely-yhdistys"},"image":{"@id":"https:\/\/stty.org\/en\/#\/schema\/logo\/image\/"}}]}},"jetpack_sharing_enabled":true,"jetpack-related-posts":[{"id":182,"url":"https:\/\/stty.org\/en\/","url_meta":{"origin":2192,"position":0},"title":"Finnish Social and Health Informatics Association","author":"STTY","date":"20.10.2015","format":false,"excerpt":"{:fi}Yhdistyksen toiminnan p\u00e4\u00e4tavoitteena on sek\u00e4 kansainv\u00e4listen ett\u00e4 kansallisten yhteyksien yll\u00e4pito sosiaali- ja terveydenhuollon tietotekniikan ja tiedonhallinnan toimijoiden kesken. Kansallisesti STTY pyrkii olemaan laajassa yhteisty\u00f6ss\u00e4 alan eri j\u00e4rjest\u00f6jen kanssa. Yhdistys pyrkii my\u00f6s j\u00e4rjest\u00e4m\u00e4\u00e4n j\u00e4sentapaamisia ja tutustumisk\u00e4yntej\u00e4 yrityksiin sek\u00e4 sosiaali- ja terveydenhuollon hankkeisiin. STTY j\u00e4rjest\u00e4\u00e4 vuosittain Sosiaali- ja terveydenhuollon tietotekniikan ja tiedonhallinnan\u2026","rel":"","context":"In &quot;Etusivu&quot;","block_context":{"text":"Etusivu","link":"https:\/\/stty.org\/en\/kategoria\/etusivu\/"},"img":{"alt_text":"FinJeHeW logo","src":"https:\/\/i0.wp.com\/journal.fi\/public\/journals\/25\/pageHeaderLogoImage_en_US.png?resize=350%2C200&ssl=1","width":350,"height":200},"classes":[]},{"id":52,"url":"https:\/\/stty.org\/en\/sttyn-tutkimuspaivat\/","url_meta":{"origin":2192,"position":1},"title":"Research Days","author":"STTY","date":"23.2.2010","format":false,"excerpt":"{:fi} Tutkimusp\u00e4iv\u00e4t Kirjoituskutsu Ohjelma Julkaisut Sosiaali- ja terveydenhuollon tietojenk\u00e4sittelyn 28. tutkimusp\u00e4iv\u00e4t 21.4.2026, Tieteiden Talo, Helsinki Tutkimusp\u00e4ivien ohjelma Tutkimusp\u00e4ivill\u00e4 esitetyt tutkimukset ja lyhytpaperit: Finnish Journal of EHealth and EWelfare, 18(2) P\u00e4\u00e4puheenvuoron kalvot \/ Harri Jalonen Pistem\u00e4isest\u00e4 kehitt\u00e4misest\u00e4 kohti kokonaisuuksien hallintaa 28. Sosiaali- ja terveydenhuollon tietojenk\u00e4sittelyn tutkimusp\u00e4iv\u00e4t ti 21.4.2026 Helsingiss\u00e4. Tutkimusp\u00e4iv\u00e4t muodostavat\u2026","rel":"","context":"In &quot;Tutkimusp\u00e4iv\u00e4t&quot;","block_context":{"text":"Tutkimusp\u00e4iv\u00e4t","link":"https:\/\/stty.org\/en\/kategoria\/tutkimuspaivat\/"},"img":{"alt_text":"","src":"https:\/\/i0.wp.com\/stty.org\/wp-content\/uploads\/2025\/12\/Tieteiden_talo_2_Julkisivu-300x195.jpg?resize=350%2C200&ssl=1","width":350,"height":200},"classes":[]},{"id":1294,"url":"https:\/\/stty.org\/en\/stty-blogi\/stty-blogi-ajankohtaista-sote-tiedosta-missa-mennaan-kansallisesti\/","url_meta":{"origin":2192,"position":2},"title":"Ajankohtaista sote-tiedosta \u2013 miss\u00e4 menn\u00e4\u00e4n kansallisesti?","author":"Laura-Maria Peltonen","date":"11.11.2021","format":false,"excerpt":"Sosiaali- ja terveydenhuollon tietojenk\u00e4sittelyn 23. tutkimusp\u00e4iv\u00e4t (SoTeTiTe 2021) pidettiin Kuopiossa 11.11.2021. Aiheena oli \u201cYhteinen sote-tieto? - Tiedon toisiok\u00e4ytt\u00f6 ja digitalisaation vaikutukset\u201d. P\u00e4iv\u00e4t toivat yhteen sosiaali- ja terveydenhuollon informatiikan, tietotekniikan ja tiedonhallinnan tutkijoita ja asiantuntijoita eri puolilta Suomea. Tapahtumaa on j\u00e4rjestetty vuodesta 1998 alkaen. Tutkimusp\u00e4ivill\u00e4 kuultiin t\u00e4n\u00e4 vuonna keynote-puheenvuoro tiimip\u00e4\u00e4llikk\u00f6 Erja\u2026","rel":"","context":"In &quot;Blogiartikkeli&quot;","block_context":{"text":"Blogiartikkeli","link":"https:\/\/stty.org\/en\/kategoria\/blog\/"},"img":{"alt_text":"","src":"https:\/\/i0.wp.com\/stty.org\/wp-content\/uploads\/2021\/11\/samuel-300x216.jpg?resize=350%2C200&ssl=1","width":350,"height":200},"classes":[]},{"id":166,"url":"https:\/\/stty.org\/en\/toiminta\/","url_meta":{"origin":2192,"position":3},"title":"Toiminta","author":"STTY","date":"17.3.2014","format":false,"excerpt":"Yhdistyksen toimialana on sosiaali- ja terveydenhuollon tietotekniikka ja tiedonhallinta k\u00e4yt\u00e4nn\u00f6n toimintana ja tieteenalana. Yhdistyksen tarkoituksena on toimia yhdyssiteen\u00e4 alalla toimivien keskuudessa, edist\u00e4\u00e4 alan k\u00e4yt\u00e4nn\u00f6llist\u00e4 ja tieteellist\u00e4 kehityst\u00e4 ja soveltamista, edist\u00e4\u00e4 alan kansainv\u00e4lisi\u00e4 yhteyksi\u00e4 sek\u00e4 tehd\u00e4 alaa tunnetuksi. Yhdistys toteuttaa tarkoitusperi\u00e4\u00e4n j\u00e4rjest\u00e4m\u00e4ll\u00e4 tiedotus- ja julkaisutoimintaa, kokouksia, esitelm\u00e4- ja koulutustilaisuuksia sek\u00e4 j\u00e4senilleen\u2026","rel":"","context":"In &quot;Toiminta&quot;","block_context":{"text":"Toiminta","link":"https:\/\/stty.org\/en\/kategoria\/stty-toiminta\/"},"img":{"alt_text":"","src":"https:\/\/i0.wp.com\/stty.org\/wp-content\/uploads\/2021\/04\/Jylha_Virpi-8619-10x15-1-234x300.png?resize=350%2C200&ssl=1","width":350,"height":200},"classes":[]},{"id":2141,"url":"https:\/\/stty.org\/en\/sttyn-tutkimuspaivat\/kirjoituskutsu\/","url_meta":{"origin":2192,"position":4},"title":"Tutkimusp\u00e4iv\u00e4t: Kirjoituskutsu","author":"Sivustonikkari","date":"16.12.2025","format":false,"excerpt":"Tutkimusp\u00e4iv\u00e4t Kirjoituskutsu Ohjelma Julkaisut Sosiaali- ja terveydenhuollon teknologioita kehitet\u00e4\u00e4n usein erillisin\u00e4 ratkaisuina yksitt\u00e4isiin tarpeisiin, mutta yh\u00e4 t\u00e4rke\u00e4mp\u00e4\u00e4 on tarkastella niiden yhteyksi\u00e4, vaikutuksia ja roolia osana koko palveluj\u00e4rjestelm\u00e4\u00e4. Tutkimusp\u00e4ivill\u00e4 kutsumme tutkijoita, kehitt\u00e4ji\u00e4 ja p\u00e4\u00e4t\u00f6ksentekij\u00f6it\u00e4 pohtimaan, miten yksitt\u00e4iset teknologiat nivoutuvat laajempiin kokonaisuuksiin, tukevat tietoperustaista johtamista ja p\u00e4\u00e4t\u00f6ksentekoa sek\u00e4 edist\u00e4v\u00e4t kest\u00e4v\u00e4\u00e4 ja vaikuttavaa\u2026","rel":"","context":"Similar post","block_context":{"text":"Similar post","link":""},"img":{"alt_text":"","src":"https:\/\/i0.wp.com\/stty.org\/wp-content\/uploads\/2025\/08\/FinJeHew-logo.png?resize=350%2C200&ssl=1","width":350,"height":200},"classes":[]},{"id":2143,"url":"https:\/\/stty.org\/en\/sttyn-tutkimuspaivat\/sotetite-julkaisut\/","url_meta":{"origin":2192,"position":5},"title":"Tutkimusp\u00e4iv\u00e4t: Aikaisempien vuosien julkaisut","author":"Sivustonikkari","date":"16.12.2025","format":false,"excerpt":"Tutkimusp\u00e4iv\u00e4t Kirjoituskutsu Ohjelma Julkaisut Sosiaali- ja terveydenhuollon tietotekniikan ja tiedonhallinnan tutkimusp\u00e4ivien tutkimusjulkaisut 2002- Tutkimuspaperit 2026 (FinJeHew Vol 18, No 2, 2026) Tutkimuspaperit 2025 (FinJeHeW Vol 17, No 2, 2025) Tutkimuspaperit 2024 (FinJeHeW Vol 16, No 2, 2024) Tutkimuspaperit 2023 (FinJeHeW Vol 15, No 2, 2023) Tutkimuspaperit 2022 (FinJeHeW Vol 14,\u2026","rel":"","context":"Similar post","block_context":{"text":"Similar post","link":""},"img":{"alt_text":"","src":"https:\/\/i0.wp.com\/stty.org\/wp-content\/uploads\/2025\/08\/FinJeHew-logo.png?resize=350%2C200&ssl=1","width":350,"height":200},"classes":[]}],"_links":{"self":[{"href":"https:\/\/stty.org\/en\/wp-json\/wp\/v2\/pages\/2192","targetHints":{"allow":["GET"]}}],"collection":[{"href":"https:\/\/stty.org\/en\/wp-json\/wp\/v2\/pages"}],"about":[{"href":"https:\/\/stty.org\/en\/wp-json\/wp\/v2\/types\/page"}],"author":[{"embeddable":true,"href":"https:\/\/stty.org\/en\/wp-json\/wp\/v2\/users\/1"}],"replies":[{"embeddable":true,"href":"https:\/\/stty.org\/en\/wp-json\/wp\/v2\/comments?post=2192"}],"version-history":[{"count":5,"href":"https:\/\/stty.org\/en\/wp-json\/wp\/v2\/pages\/2192\/revisions"}],"predecessor-version":[{"id":2207,"href":"https:\/\/stty.org\/en\/wp-json\/wp\/v2\/pages\/2192\/revisions\/2207"}],"up":[{"embeddable":true,"href":"https:\/\/stty.org\/en\/wp-json\/wp\/v2\/pages\/52"}],"wp:attachment":[{"href":"https:\/\/stty.org\/en\/wp-json\/wp\/v2\/media?parent=2192"}],"wp:term":[{"taxonomy":"category","embeddable":true,"href":"https:\/\/stty.org\/en\/wp-json\/wp\/v2\/categories?post=2192"}],"curies":[{"name":"wp","href":"https:\/\/api.w.org\/{rel}","templated":true}]}}